{"id":6635,"date":"2019-05-10T14:40:15","date_gmt":"2019-05-10T14:40:15","guid":{"rendered":"http:\/\/impreza.us-themes.com\/?page_id=6635"},"modified":"2025-09-02T18:26:34","modified_gmt":"2025-09-02T21:26:34","slug":"home","status":"publish","type":"page","link":"https:\/\/www.bimsur.com\/sitio\/","title":{"rendered":"Pagina de Inicio"},"content":{"rendered":"<section class=\"l-section wpb_row height_medium with_img\" id=\"nosotros\"><div class=\"l-section-img\" style=\"background-image: url(https:\/\/www.bimsur.com\/sitio\/wp-content\/uploads\/2020\/04\/bg-flyer.jpg);\" data-img-width=\"2000\" data-img-height=\"1000\"><\/div><div class=\"l-section-h i-cf\"><div class=\"g-cols vc_row type_default valign_top\"><div class=\"vc_col-sm-3 wpb_column vc_column_container animate_fade has-link\"><div class=\"vc_column-inner\"><div class=\"wpb_wrapper\"><div class=\"w-image align_center\"><div class=\"w-image-h\"><img loading=\"lazy\" decoding=\"async\" width=\"300\" height=\"300\" src=\"https:\/\/www.bimsur.com\/sitio\/wp-content\/uploads\/2022\/07\/Logo_BIMSUR-300x300.png\" class=\"attachment-medium size-medium\" alt=\"\" srcset=\"https:\/\/www.bimsur.com\/sitio\/wp-content\/uploads\/2022\/07\/Logo_BIMSUR-300x300.png 300w, https:\/\/www.bimsur.com\/sitio\/wp-content\/uploads\/2022\/07\/Logo_BIMSUR-150x150.png 150w, https:\/\/www.bimsur.com\/sitio\/wp-content\/uploads\/2022\/07\/Logo_BIMSUR-1024x1024.png 1024w, https:\/\/www.bimsur.com\/sitio\/wp-content\/uploads\/2022\/07\/Logo_BIMSUR-600x600.png 600w\" sizes=\"auto, (max-width: 300px) 100vw, 300px\" \/><\/div><\/div><\/div><a class=\"vc_column-link smooth-scroll\" href=\"https:\/\/www.bimsur.com\/sitio\/registro\/\"><\/a><\/div><\/div><div class=\"vc_col-sm-9 wpb_column vc_column_container\"><div class=\"vc_column-inner us_custom_8c9977dd \"><div class=\"wpb_wrapper\"><div class=\"w-message color_yellow\"><div class=\"w-message-body\"><p>Nuestro sello:<\/p>\n<div align=\"justify\">Somos un estudio de arquitectura dedicado al desarrollo de proyectos de edi\ufb01caci\u00f3n y espacio urbano con un alto grado de implementaci\u00f3n tecnol\u00f3gica en la gesti\u00f3n, dise\u00f1o, coordinaci\u00f3n e inspecci\u00f3n de la informaci\u00f3n edi\ufb01catoria, con m\u00e1s de 200.000 m<sup>2<\/sup> proyectados.<\/div>\n<div align=\"justify\">Nuestros pilares son el trabajo colaborativo con un entorno com\u00fan de datos (CDE, Common Data Environment) basado en la nube, la implementaci\u00f3n de las metodolog\u00edas BIM (Building Information Modeling) y GIS (Geographical Information System), un equipo interdisciplinario con vasta experiencia y especializaci\u00f3n con cobertura nacional e internacional.<\/div>\n<\/div><\/div><\/div><\/div><\/div><\/div><\/div><\/section><section class=\"l-section wpb_row us_custom_a2d41f7c height_medium\" id=\"servicios\"><div class=\"l-section-h i-cf\"><div class=\"g-cols vc_row type_default valign_middle\"><div class=\"vc_col-sm-12 wpb_column vc_column_container\"><div class=\"vc_column-inner\"><div class=\"wpb_wrapper\"><div class=\"wpb_text_column us_custom_d33e240e has_text_color\"><div class=\"wpb_wrapper\"><h2 style=\"text-align: center;\"><strong>SERVICIOS<\/strong><\/h2>\n<\/div><\/div><div class=\"w-image align_center\"><a class=\"w-image-h\" href=\"https:\/\/www.bimsur.com\/sitio\/pages\/servicios\/\" title=\"SERVICIOS\"><img loading=\"lazy\" decoding=\"async\" width=\"1556\" height=\"754\" src=\"https:\/\/www.bimsur.com\/sitio\/wp-content\/uploads\/2023\/07\/BIMSUR_Servicios_v03.png\" class=\"attachment-full size-full\" alt=\"\" srcset=\"https:\/\/www.bimsur.com\/sitio\/wp-content\/uploads\/2023\/07\/BIMSUR_Servicios_v03.png 1556w, https:\/\/www.bimsur.com\/sitio\/wp-content\/uploads\/2023\/07\/BIMSUR_Servicios_v03-300x145.png 300w, https:\/\/www.bimsur.com\/sitio\/wp-content\/uploads\/2023\/07\/BIMSUR_Servicios_v03-1024x496.png 1024w, https:\/\/www.bimsur.com\/sitio\/wp-content\/uploads\/2023\/07\/BIMSUR_Servicios_v03-1536x744.png 1536w\" sizes=\"auto, (max-width: 1556px) 100vw, 1556px\" \/><\/a><\/div><\/div><\/div><\/div><\/div><\/div><\/section><section class=\"l-section wpb_row height_medium\" id=\"portafolio\"><div class=\"l-section-h i-cf\"><div class=\"g-cols vc_row type_default valign_top\"><div class=\"vc_col-sm-12 wpb_column vc_column_container\"><div class=\"vc_column-inner\"><div class=\"wpb_wrapper\"><div class=\"wpb_text_column us_custom_b4c0c321\"><div class=\"wpb_wrapper\"><h2 style=\"text-align: center;\"><strong>PORTAFOLIO<\/strong><\/h2>\n<div class=\"section-title\">\n<p style=\"text-align: center;\">Presentamos algunas im\u00e1genes de proyectos desarrollados por BIMSUR Arquitectos<\/p>\n<\/div>\n<div class=\"row\">\n<div class=\"portfolio-items\">\n<div class=\"col-sm-4 col-md-4 col-lg-4\">\n<div class=\"portfolio-item\">\n<div class=\"hover-bg\">\n<div class=\"hover-text\"><\/div>\n<\/div>\n<\/div>\n<\/div>\n<\/div>\n<\/div>\n<\/div><\/div><div class=\"w-separator size_small with_line width_50 thick_1 style_solid color_border align_center\"><div class=\"w-separator-h\"><\/div><\/div><div class=\"w-grid type_carousel layout_blog_1 valign_center\" id=\"us_grid_1\"><style id=\"us_grid_1_css\">#us_grid_1 .w-grid-item{padding:1.5rem}#us_grid_1 .w-grid-list{margin:-1.5rem}.w-grid + #us_grid_1 .w-grid-list{margin-top:1.5rem}<\/style><style>.layout_blog_1 .w-grid-item-h{}.layout_blog_1 .usg_post_image_1{margin-bottom:0.5rem!important}.layout_blog_1 .usg_post_title_1{font-size:1rem!important}<\/style><div class=\"w-grid-list owl-carousel navstyle_circle navpos_outside with_dots\"><article class=\"w-grid-item post-7838 post type-post status-publish format-standard has-post-thumbnail hentry category-portafolio\" data-id=\"7838\">\r\n\t<div class=\"w-grid-item-h\">\r\n\t\t\t\t<div class=\"w-post-elm post_image usg_post_image_1 stretched\"><a href=\"https:\/\/www.bimsur.com\/sitio\/plaza-consistorial-villa-rica-2013\/\" aria-label=\"Plaza Consistorial, Villarrica, 2013\"><img loading=\"lazy\" decoding=\"async\" width=\"400\" height=\"400\" src=\"https:\/\/www.bimsur.com\/sitio\/wp-content\/uploads\/2022\/07\/Portafolio_Plaza_Consistorial_portada.jpg\" class=\"attachment-us_600_600_crop size-us_600_600_crop wp-post-image\" alt=\"\" srcset=\"https:\/\/www.bimsur.com\/sitio\/wp-content\/uploads\/2022\/07\/Portafolio_Plaza_Consistorial_portada.jpg 400w, https:\/\/www.bimsur.com\/sitio\/wp-content\/uploads\/2022\/07\/Portafolio_Plaza_Consistorial_portada-300x300.jpg 300w, https:\/\/www.bimsur.com\/sitio\/wp-content\/uploads\/2022\/07\/Portafolio_Plaza_Consistorial_portada-150x150.jpg 150w\" sizes=\"auto, (max-width: 400px) 100vw, 400px\" \/><\/a><\/div><h2 class=\"w-post-elm post_title usg_post_title_1 entry-title color_link_inherit\"><a href=\"https:\/\/www.bimsur.com\/sitio\/plaza-consistorial-villa-rica-2013\/\">Plaza Consistorial, Villarrica, 2013<\/a><\/h2>\t<\/div>\r\n<\/article>\r\n<article class=\"w-grid-item post-7826 post type-post status-publish format-standard has-post-thumbnail hentry category-portafolio\" data-id=\"7826\">\r\n\t<div class=\"w-grid-item-h\">\r\n\t\t\t\t<div class=\"w-post-elm post_image usg_post_image_1 stretched\"><a href=\"https:\/\/www.bimsur.com\/sitio\/nuevos-espacios-colegio-aleman-de-concepcion\/\" aria-label=\"Nuevos espacios Colegio Alem\u00e1n de Concepci\u00f3n, San Pedro de la Paz, 2016-2022\"><img loading=\"lazy\" decoding=\"async\" width=\"600\" height=\"600\" src=\"https:\/\/www.bimsur.com\/sitio\/wp-content\/uploads\/2022\/07\/b92f6bc9-14c2-4856-ba62-d819ae052e3d-600x600.jpg\" class=\"attachment-us_600_600_crop size-us_600_600_crop wp-post-image\" alt=\"\" srcset=\"https:\/\/www.bimsur.com\/sitio\/wp-content\/uploads\/2022\/07\/b92f6bc9-14c2-4856-ba62-d819ae052e3d-600x600.jpg 600w, https:\/\/www.bimsur.com\/sitio\/wp-content\/uploads\/2022\/07\/b92f6bc9-14c2-4856-ba62-d819ae052e3d-150x150.jpg 150w\" sizes=\"auto, (max-width: 600px) 100vw, 600px\" \/><\/a><\/div><h2 class=\"w-post-elm post_title usg_post_title_1 entry-title color_link_inherit\"><a href=\"https:\/\/www.bimsur.com\/sitio\/nuevos-espacios-colegio-aleman-de-concepcion\/\">Nuevos espacios Colegio Alem\u00e1n de Concepci\u00f3n, San Pedro de la Paz, 2016-2022<\/a><\/h2>\t<\/div>\r\n<\/article>\r\n<article class=\"w-grid-item post-7816 post type-post status-publish format-standard has-post-thumbnail hentry category-portafolio\" data-id=\"7816\">\r\n\t<div class=\"w-grid-item-h\">\r\n\t\t\t\t<div class=\"w-post-elm post_image usg_post_image_1 stretched\"><a href=\"https:\/\/www.bimsur.com\/sitio\/condominio-el-remanso\/\" aria-label=\"Condominio el Remanso, Chiguayante, 2018-2019\"><img loading=\"lazy\" decoding=\"async\" width=\"359\" height=\"359\" src=\"https:\/\/www.bimsur.com\/sitio\/wp-content\/uploads\/2022\/07\/Imagen3_portada-1.png\" class=\"attachment-us_600_600_crop size-us_600_600_crop wp-post-image\" alt=\"\" srcset=\"https:\/\/www.bimsur.com\/sitio\/wp-content\/uploads\/2022\/07\/Imagen3_portada-1.png 359w, https:\/\/www.bimsur.com\/sitio\/wp-content\/uploads\/2022\/07\/Imagen3_portada-1-300x300.png 300w, https:\/\/www.bimsur.com\/sitio\/wp-content\/uploads\/2022\/07\/Imagen3_portada-1-150x150.png 150w\" sizes=\"auto, (max-width: 359px) 100vw, 359px\" \/><\/a><\/div><h2 class=\"w-post-elm post_title usg_post_title_1 entry-title color_link_inherit\"><a href=\"https:\/\/www.bimsur.com\/sitio\/condominio-el-remanso\/\">Condominio el Remanso, Chiguayante, 2018-2019<\/a><\/h2>\t<\/div>\r\n<\/article>\r\n<article class=\"w-grid-item post-7795 post type-post status-publish format-standard has-post-thumbnail hentry category-portafolio\" data-id=\"7795\">\r\n\t<div class=\"w-grid-item-h\">\r\n\t\t\t\t<div class=\"w-post-elm post_image usg_post_image_1 stretched\"><a href=\"https:\/\/www.bimsur.com\/sitio\/colegio-concepcion-san-carlos-2011-2016\/\" aria-label=\"Colegio Concepci\u00f3n, San Carlos, 2011 &#8211; 2016\"><img loading=\"lazy\" decoding=\"async\" width=\"540\" height=\"540\" src=\"https:\/\/www.bimsur.com\/sitio\/wp-content\/uploads\/2022\/07\/Portafolio_Colegio_Concepcion_portada.png\" class=\"attachment-us_600_600_crop size-us_600_600_crop wp-post-image\" alt=\"\" srcset=\"https:\/\/www.bimsur.com\/sitio\/wp-content\/uploads\/2022\/07\/Portafolio_Colegio_Concepcion_portada.png 540w, https:\/\/www.bimsur.com\/sitio\/wp-content\/uploads\/2022\/07\/Portafolio_Colegio_Concepcion_portada-300x300.png 300w, https:\/\/www.bimsur.com\/sitio\/wp-content\/uploads\/2022\/07\/Portafolio_Colegio_Concepcion_portada-150x150.png 150w\" sizes=\"auto, (max-width: 540px) 100vw, 540px\" \/><\/a><\/div><h2 class=\"w-post-elm post_title usg_post_title_1 entry-title color_link_inherit\"><a href=\"https:\/\/www.bimsur.com\/sitio\/colegio-concepcion-san-carlos-2011-2016\/\">Colegio Concepci\u00f3n, San Carlos, 2011 &#8211; 2016<\/a><\/h2>\t<\/div>\r\n<\/article>\r\n<article class=\"w-grid-item post-7786 post type-post status-publish format-standard has-post-thumbnail hentry category-portafolio\" data-id=\"7786\">\r\n\t<div class=\"w-grid-item-h\">\r\n\t\t\t\t<div class=\"w-post-elm post_image usg_post_image_1 stretched\"><a href=\"https:\/\/www.bimsur.com\/sitio\/casa-ala\/\" aria-label=\"Casa Ala, San Pedro de la Paz, 2018\"><img loading=\"lazy\" decoding=\"async\" width=\"600\" height=\"600\" src=\"https:\/\/www.bimsur.com\/sitio\/wp-content\/uploads\/2022\/07\/D9DE8F58-2841-4023-B909-C984C13F587A-600x600.jpg\" class=\"attachment-us_600_600_crop size-us_600_600_crop wp-post-image\" alt=\"\" srcset=\"https:\/\/www.bimsur.com\/sitio\/wp-content\/uploads\/2022\/07\/D9DE8F58-2841-4023-B909-C984C13F587A-600x600.jpg 600w, https:\/\/www.bimsur.com\/sitio\/wp-content\/uploads\/2022\/07\/D9DE8F58-2841-4023-B909-C984C13F587A-150x150.jpg 150w\" sizes=\"auto, (max-width: 600px) 100vw, 600px\" \/><\/a><\/div><h2 class=\"w-post-elm post_title usg_post_title_1 entry-title color_link_inherit\"><a href=\"https:\/\/www.bimsur.com\/sitio\/casa-ala\/\">Casa Ala, San Pedro de la Paz, 2018<\/a><\/h2>\t<\/div>\r\n<\/article>\r\n<\/div>\t<div class=\"g-preloader type_1\">\r\n\t\t<div><\/div>\r\n\t<\/div>\r\n\t\t<div class=\"w-grid-json hidden\" onclick='return {&quot;ajax_url&quot;:&quot;https:\\\/\\\/www.bimsur.com\\\/sitio\\\/wp-admin\\\/admin-ajax.php&quot;,&quot;permalink_url&quot;:&quot;https:\\\/\\\/www.bimsur.com\\\/sitio\\\/casa-ala\\\/&quot;,&quot;action&quot;:&quot;us_ajax_grid&quot;,&quot;max_num_pages&quot;:1,&quot;infinite_scroll&quot;:0,&quot;template_vars&quot;:{&quot;query_args&quot;:{&quot;post_type&quot;:[&quot;post&quot;],&quot;tax_query&quot;:[{&quot;taxonomy&quot;:&quot;category&quot;,&quot;field&quot;:&quot;slug&quot;,&quot;terms&quot;:[&quot;portafolio&quot;]}],&quot;post_status&quot;:[&quot;publish&quot;,&quot;acf-disabled&quot;],&quot;orderby&quot;:{&quot;date&quot;:&quot;DESC&quot;},&quot;posts_per_page&quot;:&quot;10&quot;},&quot;post_id&quot;:6635,&quot;us_grid_index&quot;:1,&quot;us_grid_ajax_index&quot;:null,&quot;exclude_items&quot;:&quot;none&quot;,&quot;items_offset&quot;:&quot;1&quot;,&quot;items_layout&quot;:&quot;blog_1&quot;,&quot;type&quot;:&quot;carousel&quot;,&quot;columns&quot;:&quot;3&quot;,&quot;img_size&quot;:&quot;default&quot;,&quot;overriding_link&quot;:&quot;none&quot;},&quot;carousel_settings&quot;:{&quot;items&quot;:&quot;3&quot;,&quot;nav&quot;:1,&quot;navNext&quot;:&quot;&quot;,&quot;navPrev&quot;:&quot;&quot;,&quot;dots&quot;:1,&quot;center&quot;:1,&quot;autoplay&quot;:0,&quot;smooth_play&quot;:0,&quot;timeout&quot;:3000,&quot;speed&quot;:250,&quot;transition&quot;:&quot;&quot;,&quot;autoHeight&quot;:0,&quot;slideby&quot;:&quot;1&quot;},&quot;carousel_breakpoints&quot;:{&quot;1200&quot;:{&quot;items&quot;:3},&quot;900&quot;:{&quot;items&quot;:3,&quot;autoplay&quot;:1,&quot;autoplayHoverPause&quot;:1,&quot;autoHeight&quot;:0},&quot;600&quot;:{&quot;items&quot;:2,&quot;autoplay&quot;:1,&quot;autoplayHoverPause&quot;:1,&quot;autoHeight&quot;:0},&quot;0&quot;:{&quot;items&quot;:1,&quot;autoplay&quot;:1,&quot;autoplayHoverPause&quot;:1,&quot;autoHeight&quot;:0}}}'><\/div>\r\n<\/div><\/div><\/div><\/div><\/div><\/div><\/section><section class=\"l-section wpb_row us_custom_a2d41f7c height_medium\" id=\"equipo\"><div class=\"l-section-h i-cf\"><div class=\"g-cols vc_row type_default valign_top\"><div class=\"vc_col-sm-12 wpb_column vc_column_container\"><div class=\"vc_column-inner\"><div class=\"wpb_wrapper\"><div class=\"wpb_text_column us_custom_d33e240e has_text_color\"><div class=\"wpb_wrapper\"><h1 style=\"text-align: center;\"><strong>PROYECTO DESTACADO<\/strong><\/h1>\n<div class=\"section-title\">\n<h4 style=\"text-align: center;\"><strong>Gemelo Digital de Punta Arenas<\/strong><\/h4>\n<\/div>\n<\/div><\/div><div class=\"g-cols wpb_row  type_default valign_top vc_inner\"><div class=\"vc_col-sm-6 wpb_column vc_column_container\"><div class=\"vc_column-inner\"><div class=\"wpb_wrapper\"><div class=\"w-message us_custom_af6a9b6a color_yellow\"><div class=\"w-message-body\"><div align=\"justify\"><b>Gemelo Digital de la ciudad de Punta Arenas, Chile<\/b><br \/>\nEsta plataforma inform\u00e1tica integra dos visores territoriales: uno en 2D (Bidimensional) y otro en 3D (Tridimensional), que re\u00fanen informaci\u00f3n de distintas fuentes en una sola plataforma. Con esta herramienta, que democratiza la informaci\u00f3n, autoridades, empresas y comunidad acceden a la misma informaci\u00f3n, lo que facilita la toma de decisiones, optimiza la gesti\u00f3n del territorio y convierte a Punta Arenas en un referente de urbanismo digital en el pa\u00eds.<br \/>\nSomos pionero en el dise\u00f1o y desarrollo de este tipo de plataformas de informaci\u00f3n, puedes saber m\u00e1s de nuestros servicios en <a href=\"https:\/\/replikes.com\/replikes-cities\/\"><b>REPLIKES Cities<\/b><\/a> de <b>BIMSUR<\/b> Arquitectos<\/div>\n<\/div><\/div><\/div><\/div><\/div><div class=\"vc_col-sm-6 wpb_column vc_column_container\"><div class=\"vc_column-inner\"><div class=\"wpb_wrapper\"><div class=\"w-image align_center\"><a class=\"w-image-h\" href=\"https:\/\/replikes.com\/replikes-cities\/\" target=\"_blank\" title=\"REPLIKES Cities\" rel=\"noopener\"><img loading=\"lazy\" decoding=\"async\" width=\"1024\" height=\"705\" src=\"https:\/\/www.bimsur.com\/sitio\/wp-content\/uploads\/2025\/08\/GDPA-1024x705_v04.png\" class=\"attachment-full size-full\" alt=\"\" \/><\/a><\/div><\/div><\/div><\/div><\/div><\/div><\/div><\/div><\/div><\/div><\/section><section class=\"l-section wpb_row height_medium\" id=\"noticias\"><div class=\"l-section-h i-cf\"><div class=\"g-cols vc_row type_default valign_top\"><div class=\"vc_col-sm-12 wpb_column vc_column_container\"><div class=\"vc_column-inner\"><div class=\"wpb_wrapper\"><div class=\"wpb_text_column\"><div class=\"wpb_wrapper\"><h1 style=\"text-align: center;\"><strong>NOTICIAS<\/strong><\/h1>\n<\/div><\/div><div class=\"w-separator size_small with_line width_50 thick_1 style_solid color_border align_center\"><div class=\"w-separator-h\"><\/div><\/div><div class=\"w-grid type_grid layout_7574 cols_3 overflow_hidden\" id=\"us_grid_2\"><style id=\"us_grid_2_css\">#us_grid_2 .w-grid-item{padding:1.5rem}#us_grid_2 .w-grid-list{margin:-1.5rem}.w-grid + #us_grid_2 .w-grid-list{margin-top:1.5rem}@media (max-width:899px){#us_grid_2 .w-grid-item{width:50%}}@media (max-width:599px){#us_grid_2 .w-grid-list{margin:0}#us_grid_2 .w-grid-item{width:100%;padding:0;margin-bottom:1.5rem}}<\/style><style>.layout_7574 .w-grid-item-h{}@media(max-width:599px){.layout_7574 .usg_post_content_1{display:none!important}}.layout_7574 .usg_post_image_1{width:50%!important}.layout_7574 .usg_vwrapper_1{width:50%!important;margin-right:0!important}.layout_7574 .usg_hwrapper_2{margin-bottom:0!important}.layout_7574 .usg_post_title_1{color:#222222!important;background:#ffffff!important;font-size:1.8rem!important;line-height:1.2!important;margin-right:-35%!important;margin-bottom:0!important;padding-top:1rem!important;padding-right:1.2rem!important;padding-bottom:1rem!important}.layout_7574 .usg_post_content_1{font-size:0.9rem!important;line-height:1.6!important;padding-right:1.5rem!important}@media (max-width:599px){.layout_7574 .usg_post_title_1{font-size:1.2rem!important;margin-right:0!important;padding-bottom:0!important}}<\/style><div class=\"w-grid-list\"><article class=\"w-grid-item size_1x1 post-7930 post type-post status-publish format-standard has-post-thumbnail hentry category-noticias category-noticias-destacadas\" data-id=\"7930\">\r\n\t<div class=\"w-grid-item-h\">\r\n\t\t\t\t<div class=\"w-hwrapper usg_hwrapper_1 align_left valign_top \"><div class=\"w-vwrapper usg_vwrapper_1 align_left valign_top \"><div class=\"w-hwrapper usg_hwrapper_2 align_left valign_top wrap \"><div class=\"w-text usg_text_1\"><span class=\"w-text-h\"><span class=\"w-text-value\">NOTICIAS<\/span><\/span><\/div><\/div><h2 class=\"w-post-elm post_title usg_post_title_1 entry-title color_link_inherit has_text_color\"><a href=\"https:\/\/www.bimsur.com\/sitio\/cchc-concepcion-prepara-visor-territorial-integrado-y-abierto-a-la-ciudadania\/\">CChC Concepci\u00f3n prepara visor territorial integrado y abierto a la ciudadan\u00eda<\/a><\/h2><div class=\"w-post-elm post_content usg_post_content_1\">2022-06-29 La herramienta tecnol\u00f3gica permitir\u00e1 conocer datos actualizados que contribuyan a la toma de decisiones para potenciar un desarrollo sostenible del Gran Concepci\u00f3n. Se&hellip;<\/div><\/div><div class=\"w-post-elm post_image usg_post_image_1 stretched has_width\"><a href=\"https:\/\/www.bimsur.com\/sitio\/cchc-concepcion-prepara-visor-territorial-integrado-y-abierto-a-la-ciudadania\/\" aria-label=\"CChC Concepci\u00f3n prepara visor territorial integrado y abierto a la ciudadan\u00eda\"><img loading=\"lazy\" decoding=\"async\" width=\"600\" height=\"600\" src=\"https:\/\/www.bimsur.com\/sitio\/wp-content\/uploads\/2022\/06\/2022-06-29_CChC_Concepcion_prepara_visor_territorial_portada-1.jpg\" class=\"attachment-us_600_600_crop size-us_600_600_crop wp-post-image\" alt=\"\" srcset=\"https:\/\/www.bimsur.com\/sitio\/wp-content\/uploads\/2022\/06\/2022-06-29_CChC_Concepcion_prepara_visor_territorial_portada-1.jpg 600w, https:\/\/www.bimsur.com\/sitio\/wp-content\/uploads\/2022\/06\/2022-06-29_CChC_Concepcion_prepara_visor_territorial_portada-1-300x300.jpg 300w, https:\/\/www.bimsur.com\/sitio\/wp-content\/uploads\/2022\/06\/2022-06-29_CChC_Concepcion_prepara_visor_territorial_portada-1-150x150.jpg 150w\" sizes=\"auto, (max-width: 600px) 100vw, 600px\" \/><\/a><\/div><\/div>\t<\/div>\r\n<\/article>\r\n<article class=\"w-grid-item size_1x1 post-7939 post type-post status-publish format-standard has-post-thumbnail hentry category-noticias category-noticias-destacadas\" data-id=\"7939\">\r\n\t<div class=\"w-grid-item-h\">\r\n\t\t\t\t<div class=\"w-hwrapper usg_hwrapper_1 align_left valign_top \"><div class=\"w-vwrapper usg_vwrapper_1 align_left valign_top \"><div class=\"w-hwrapper usg_hwrapper_2 align_left valign_top wrap \"><div class=\"w-text usg_text_1\"><span class=\"w-text-h\"><span class=\"w-text-value\">NOTICIAS<\/span><\/span><\/div><\/div><h2 class=\"w-post-elm post_title usg_post_title_1 entry-title color_link_inherit has_text_color\"><a href=\"https:\/\/www.bimsur.com\/sitio\/los-temas-que-promueve-el-grupo-bio-bio-sostenible\/\">Los temas que promueve el Grupo \u201cBio Bio Sostenible\u201d<\/a><\/h2><div class=\"w-post-elm post_content usg_post_content_1\">2022-06-22 La instancia tiene como meta articular a los diversos actores regionales en temas de sustentabilidad como la protecci\u00f3n de humedales, la gesti\u00f3n de&hellip;<\/div><\/div><div class=\"w-post-elm post_image usg_post_image_1 stretched has_width\"><a href=\"https:\/\/www.bimsur.com\/sitio\/los-temas-que-promueve-el-grupo-bio-bio-sostenible\/\" aria-label=\"Los temas que promueve el Grupo \u201cBio Bio Sostenible\u201d\"><img loading=\"lazy\" decoding=\"async\" width=\"600\" height=\"600\" src=\"https:\/\/www.bimsur.com\/sitio\/wp-content\/uploads\/2022\/08\/2022-06-22_Biobio_sostenible-1-600x600.jpg\" class=\"attachment-us_600_600_crop size-us_600_600_crop wp-post-image\" alt=\"\" srcset=\"https:\/\/www.bimsur.com\/sitio\/wp-content\/uploads\/2022\/08\/2022-06-22_Biobio_sostenible-1-600x600.jpg 600w, https:\/\/www.bimsur.com\/sitio\/wp-content\/uploads\/2022\/08\/2022-06-22_Biobio_sostenible-1-150x150.jpg 150w\" sizes=\"auto, (max-width: 600px) 100vw, 600px\" \/><\/a><\/div><\/div>\t<\/div>\r\n<\/article>\r\n<article class=\"w-grid-item size_1x1 post-7945 post type-post status-publish format-standard has-post-thumbnail hentry category-noticias category-noticias-destacadas\" data-id=\"7945\">\r\n\t<div class=\"w-grid-item-h\">\r\n\t\t\t\t<div class=\"w-hwrapper usg_hwrapper_1 align_left valign_top \"><div class=\"w-vwrapper usg_vwrapper_1 align_left valign_top \"><div class=\"w-hwrapper usg_hwrapper_2 align_left valign_top wrap \"><div class=\"w-text usg_text_1\"><span class=\"w-text-h\"><span class=\"w-text-value\">NOTICIAS<\/span><\/span><\/div><\/div><h2 class=\"w-post-elm post_title usg_post_title_1 entry-title color_link_inherit has_text_color\"><a href=\"https:\/\/www.bimsur.com\/sitio\/juan-jose-calderon-presidente-comite-de-arquitectura-y-urbanismo-queremos-transformar-a-concepcion-en-una-ciudad-inteligente\/\">Juan Jos\u00e9 Calder\u00f3n, presidente Comit\u00e9 de Arquitectura y Urbanismo: \u201cQueremos transformar a Concepci\u00f3n en una ciudad inteligente\u201d<\/a><\/h2><div class=\"w-post-elm post_content usg_post_content_1\">2020-09-22 El profesional tendr\u00e1 una agenda con un importante foco en acciones que aporten al desarrollo de la urbe penquista como una \u201cSmart City\u201d.&hellip;<\/div><\/div><div class=\"w-post-elm post_image usg_post_image_1 stretched has_width\"><a href=\"https:\/\/www.bimsur.com\/sitio\/juan-jose-calderon-presidente-comite-de-arquitectura-y-urbanismo-queremos-transformar-a-concepcion-en-una-ciudad-inteligente\/\" aria-label=\"Juan Jos\u00e9 Calder\u00f3n, presidente Comit\u00e9 de Arquitectura y Urbanismo: \u201cQueremos transformar a Concepci\u00f3n en una ciudad inteligente\u201d\"><img loading=\"lazy\" decoding=\"async\" width=\"600\" height=\"600\" src=\"https:\/\/www.bimsur.com\/sitio\/wp-content\/uploads\/2020\/09\/2020-09-02_Juan_Jose_Calderon_1_portada.jpg\" class=\"attachment-us_600_600_crop size-us_600_600_crop wp-post-image\" alt=\"\" srcset=\"https:\/\/www.bimsur.com\/sitio\/wp-content\/uploads\/2020\/09\/2020-09-02_Juan_Jose_Calderon_1_portada.jpg 600w, https:\/\/www.bimsur.com\/sitio\/wp-content\/uploads\/2020\/09\/2020-09-02_Juan_Jose_Calderon_1_portada-300x300.jpg 300w, https:\/\/www.bimsur.com\/sitio\/wp-content\/uploads\/2020\/09\/2020-09-02_Juan_Jose_Calderon_1_portada-150x150.jpg 150w\" sizes=\"auto, (max-width: 600px) 100vw, 600px\" \/><\/a><\/div><\/div>\t<\/div>\r\n<\/article>\r\n<\/div>\t<div class=\"w-grid-json hidden\" onclick='return {&quot;ajax_url&quot;:&quot;https:\\\/\\\/www.bimsur.com\\\/sitio\\\/wp-admin\\\/admin-ajax.php&quot;,&quot;permalink_url&quot;:&quot;https:\\\/\\\/www.bimsur.com\\\/sitio\\\/juan-jose-calderon-presidente-comite-de-arquitectura-y-urbanismo-queremos-transformar-a-concepcion-en-una-ciudad-inteligente\\\/&quot;,&quot;action&quot;:&quot;us_ajax_grid&quot;,&quot;max_num_pages&quot;:1,&quot;infinite_scroll&quot;:0,&quot;template_vars&quot;:{&quot;query_args&quot;:{&quot;post_type&quot;:[&quot;post&quot;],&quot;tax_query&quot;:[{&quot;taxonomy&quot;:&quot;category&quot;,&quot;field&quot;:&quot;slug&quot;,&quot;terms&quot;:[&quot;noticias-destacadas&quot;]}],&quot;post_status&quot;:[&quot;publish&quot;,&quot;acf-disabled&quot;],&quot;orderby&quot;:{&quot;date&quot;:&quot;DESC&quot;},&quot;posts_per_page&quot;:&quot;3&quot;},&quot;post_id&quot;:7786,&quot;us_grid_index&quot;:2,&quot;us_grid_ajax_index&quot;:1,&quot;exclude_items&quot;:&quot;none&quot;,&quot;items_offset&quot;:&quot;1&quot;,&quot;items_layout&quot;:&quot;7574&quot;,&quot;type&quot;:&quot;grid&quot;,&quot;columns&quot;:&quot;3&quot;,&quot;img_size&quot;:&quot;default&quot;,&quot;overriding_link&quot;:&quot;none&quot;}}'><\/div>\r\n<\/div><div class=\"w-separator size_small with_line width_50 thick_1 style_solid color_border align_center\"><div class=\"w-separator-h\"><\/div><\/div><div class=\"w-btn-wrapper width_full\"><a class=\"w-btn us-btn-style_1\" href=\"https:\/\/www.bimsur.com\/sitio\/noticias\/\" title=\"Noticias\"><span class=\"w-btn-label\">Ver todas las noticias<\/span><\/a><\/div><\/div><\/div><\/div><\/div><\/div><\/section>\n","protected":false},"excerpt":{"rendered":"2020-09-22 El profesional tendr\u00e1 una agenda con un importante foco en acciones que aporten al desarrollo de la urbe penquista como una \u201cSmart City\u201d. Adem\u00e1s, fortalecer\u00e1 los conversatorios DOM-MINVU-CChC ampli\u00e1ndolos a asesor\u00eda urbana de los municipios de la Regi\u00f3n e iniciar\u00e1 los grupos de trabajo de Sustentabilidad y Medio Ambiente y de Movilidad Sostenible. El...","protected":false},"author":1,"featured_media":0,"parent":0,"menu_order":0,"comment_status":"closed","ping_status":"closed","template":"","meta":{"_acf_changed":false,"footnotes":""},"class_list":["post-6635","page","type-page","status-publish","hentry"],"acf":[],"yoast_head":"<!-- This site is optimized with the Yoast SEO plugin v27.4 - https:\/\/yoast.com\/product\/yoast-seo-wordpress\/ -->\n<title>Pagina de Inicio - BIMSUR<\/title>\n<meta name=\"robots\" content=\"index, follow, max-snippet:-1, max-image-preview:large, max-video-preview:-1\" \/>\n<link rel=\"canonical\" href=\"https:\/\/www.bimsur.com\/sitio\/\" \/>\n<meta property=\"og:locale\" content=\"es_ES\" \/>\n<meta property=\"og:type\" content=\"article\" \/>\n<meta property=\"og:title\" content=\"Pagina de Inicio - BIMSUR\" \/>\n<meta property=\"og:url\" content=\"https:\/\/www.bimsur.com\/sitio\/\" \/>\n<meta property=\"og:site_name\" content=\"BIMSUR\" \/>\n<meta property=\"article:publisher\" content=\"https:\/\/www.facebook.com\/bimsurarquitectos\" \/>\n<meta property=\"article:modified_time\" content=\"2025-09-02T21:26:34+00:00\" \/>\n<meta name=\"twitter:card\" content=\"summary_large_image\" \/>\n<meta name=\"twitter:label1\" content=\"Tiempo estimado de lectura\" \/>\n\t<meta name=\"twitter:data1\" content=\"2 minutos\" \/>\n<script type=\"application\/ld+json\" class=\"yoast-schema-graph\">{\"@context\":\"https:\\\/\\\/schema.org\",\"@graph\":[{\"@type\":\"WebPage\",\"@id\":\"https:\\\/\\\/www.bimsur.com\\\/sitio\\\/\",\"url\":\"https:\\\/\\\/www.bimsur.com\\\/sitio\\\/\",\"name\":\"Pagina de Inicio - BIMSUR\",\"isPartOf\":{\"@id\":\"https:\\\/\\\/www.bimsur.com\\\/sitio\\\/#website\"},\"datePublished\":\"2019-05-10T14:40:15+00:00\",\"dateModified\":\"2025-09-02T21:26:34+00:00\",\"breadcrumb\":{\"@id\":\"https:\\\/\\\/www.bimsur.com\\\/sitio\\\/#breadcrumb\"},\"inLanguage\":\"es-CL\",\"potentialAction\":[{\"@type\":\"ReadAction\",\"target\":[\"https:\\\/\\\/www.bimsur.com\\\/sitio\\\/\"]}]},{\"@type\":\"BreadcrumbList\",\"@id\":\"https:\\\/\\\/www.bimsur.com\\\/sitio\\\/#breadcrumb\",\"itemListElement\":[{\"@type\":\"ListItem\",\"position\":1,\"name\":\"Portada\",\"item\":\"https:\\\/\\\/www.bimsur.com\\\/sitio\\\/\"},{\"@type\":\"ListItem\",\"position\":2,\"name\":\"Pagina de Inicio\"}]},{\"@type\":\"WebSite\",\"@id\":\"https:\\\/\\\/www.bimsur.com\\\/sitio\\\/#website\",\"url\":\"https:\\\/\\\/www.bimsur.com\\\/sitio\\\/\",\"name\":\"BIMSUR\",\"description\":\"BIMSUR Arquitectos\",\"publisher\":{\"@id\":\"https:\\\/\\\/www.bimsur.com\\\/sitio\\\/#organization\"},\"potentialAction\":[{\"@type\":\"SearchAction\",\"target\":{\"@type\":\"EntryPoint\",\"urlTemplate\":\"https:\\\/\\\/www.bimsur.com\\\/sitio\\\/?s={search_term_string}\"},\"query-input\":{\"@type\":\"PropertyValueSpecification\",\"valueRequired\":true,\"valueName\":\"search_term_string\"}}],\"inLanguage\":\"es-CL\"},{\"@type\":\"Organization\",\"@id\":\"https:\\\/\\\/www.bimsur.com\\\/sitio\\\/#organization\",\"name\":\"BIMSUR Arquitectos\",\"url\":\"https:\\\/\\\/www.bimsur.com\\\/sitio\\\/\",\"logo\":{\"@type\":\"ImageObject\",\"inLanguage\":\"es-CL\",\"@id\":\"https:\\\/\\\/www.bimsur.com\\\/sitio\\\/#\\\/schema\\\/logo\\\/image\\\/\",\"url\":\"https:\\\/\\\/www.bimsur.com\\\/sitio\\\/wp-content\\\/uploads\\\/2022\\\/07\\\/Logo_BIMSUR.png\",\"contentUrl\":\"https:\\\/\\\/www.bimsur.com\\\/sitio\\\/wp-content\\\/uploads\\\/2022\\\/07\\\/Logo_BIMSUR.png\",\"width\":2362,\"height\":2362,\"caption\":\"BIMSUR Arquitectos\"},\"image\":{\"@id\":\"https:\\\/\\\/www.bimsur.com\\\/sitio\\\/#\\\/schema\\\/logo\\\/image\\\/\"},\"sameAs\":[\"https:\\\/\\\/www.facebook.com\\\/bimsurarquitectos\",\"https:\\\/\\\/www.instagram.com\\\/bimsurarquitectos\\\/\"]}]}<\/script>\n<!-- \/ Yoast SEO plugin. -->","yoast_head_json":{"title":"Pagina de Inicio - BIMSUR","robots":{"index":"index","follow":"follow","max-snippet":"max-snippet:-1","max-image-preview":"max-image-preview:large","max-video-preview":"max-video-preview:-1"},"canonical":"https:\/\/www.bimsur.com\/sitio\/","og_locale":"es_ES","og_type":"article","og_title":"Pagina de Inicio - BIMSUR","og_url":"https:\/\/www.bimsur.com\/sitio\/","og_site_name":"BIMSUR","article_publisher":"https:\/\/www.facebook.com\/bimsurarquitectos","article_modified_time":"2025-09-02T21:26:34+00:00","twitter_card":"summary_large_image","twitter_misc":{"Tiempo estimado de lectura":"2 minutos"},"schema":{"@context":"https:\/\/schema.org","@graph":[{"@type":"WebPage","@id":"https:\/\/www.bimsur.com\/sitio\/","url":"https:\/\/www.bimsur.com\/sitio\/","name":"Pagina de Inicio - BIMSUR","isPartOf":{"@id":"https:\/\/www.bimsur.com\/sitio\/#website"},"datePublished":"2019-05-10T14:40:15+00:00","dateModified":"2025-09-02T21:26:34+00:00","breadcrumb":{"@id":"https:\/\/www.bimsur.com\/sitio\/#breadcrumb"},"inLanguage":"es-CL","potentialAction":[{"@type":"ReadAction","target":["https:\/\/www.bimsur.com\/sitio\/"]}]},{"@type":"BreadcrumbList","@id":"https:\/\/www.bimsur.com\/sitio\/#breadcrumb","itemListElement":[{"@type":"ListItem","position":1,"name":"Portada","item":"https:\/\/www.bimsur.com\/sitio\/"},{"@type":"ListItem","position":2,"name":"Pagina de Inicio"}]},{"@type":"WebSite","@id":"https:\/\/www.bimsur.com\/sitio\/#website","url":"https:\/\/www.bimsur.com\/sitio\/","name":"BIMSUR","description":"BIMSUR Arquitectos","publisher":{"@id":"https:\/\/www.bimsur.com\/sitio\/#organization"},"potentialAction":[{"@type":"SearchAction","target":{"@type":"EntryPoint","urlTemplate":"https:\/\/www.bimsur.com\/sitio\/?s={search_term_string}"},"query-input":{"@type":"PropertyValueSpecification","valueRequired":true,"valueName":"search_term_string"}}],"inLanguage":"es-CL"},{"@type":"Organization","@id":"https:\/\/www.bimsur.com\/sitio\/#organization","name":"BIMSUR Arquitectos","url":"https:\/\/www.bimsur.com\/sitio\/","logo":{"@type":"ImageObject","inLanguage":"es-CL","@id":"https:\/\/www.bimsur.com\/sitio\/#\/schema\/logo\/image\/","url":"https:\/\/www.bimsur.com\/sitio\/wp-content\/uploads\/2022\/07\/Logo_BIMSUR.png","contentUrl":"https:\/\/www.bimsur.com\/sitio\/wp-content\/uploads\/2022\/07\/Logo_BIMSUR.png","width":2362,"height":2362,"caption":"BIMSUR Arquitectos"},"image":{"@id":"https:\/\/www.bimsur.com\/sitio\/#\/schema\/logo\/image\/"},"sameAs":["https:\/\/www.facebook.com\/bimsurarquitectos","https:\/\/www.instagram.com\/bimsurarquitectos\/"]}]}},"_links":{"self":[{"href":"https:\/\/www.bimsur.com\/sitio\/wp-json\/wp\/v2\/pages\/6635","targetHints":{"allow":["GET"]}}],"collection":[{"href":"https:\/\/www.bimsur.com\/sitio\/wp-json\/wp\/v2\/pages"}],"about":[{"href":"https:\/\/www.bimsur.com\/sitio\/wp-json\/wp\/v2\/types\/page"}],"author":[{"embeddable":true,"href":"https:\/\/www.bimsur.com\/sitio\/wp-json\/wp\/v2\/users\/1"}],"replies":[{"embeddable":true,"href":"https:\/\/www.bimsur.com\/sitio\/wp-json\/wp\/v2\/comments?post=6635"}],"version-history":[{"count":8,"href":"https:\/\/www.bimsur.com\/sitio\/wp-json\/wp\/v2\/pages\/6635\/revisions"}],"predecessor-version":[{"id":8079,"href":"https:\/\/www.bimsur.com\/sitio\/wp-json\/wp\/v2\/pages\/6635\/revisions\/8079"}],"wp:attachment":[{"href":"https:\/\/www.bimsur.com\/sitio\/wp-json\/wp\/v2\/media?parent=6635"}],"curies":[{"name":"wp","href":"https:\/\/api.w.org\/{rel}","templated":true}]}}