{"id":7841,"date":"2022-07-30T19:21:07","date_gmt":"2022-07-30T22:21:07","guid":{"rendered":"https:\/\/www.bimsur.com\/sitio\/?page_id=7841"},"modified":"2022-07-30T23:43:56","modified_gmt":"2022-07-31T02:43:56","slug":"en-la-prensa","status":"publish","type":"page","link":"https:\/\/www.bimsur.com\/sitio\/en-la-prensa\/","title":{"rendered":"En la prensa"},"content":{"rendered":"<section class=\"l-section wpb_row height_medium\"><div class=\"l-section-h i-cf\"><div class=\"g-cols vc_row type_default valign_top\"><div class=\"vc_col-sm-12 wpb_column vc_column_container\"><div class=\"vc_column-inner\"><div class=\"wpb_wrapper\"><div class=\"wpb_text_column\"><div class=\"wpb_wrapper\"><p>2022-07-11 El Ping\u00fcino (radio): <a href=\"https:\/\/map.conectamedia.cl\/index.php\/clippingNews\/view?id=26130767&amp;email=281254&amp;fromemail=1\" target=\"_blank\" rel=\"noopener\"><b>Entrevista Juan Jos\u00e9 Calder\u00f3n, director BIM SUR, por proyecto de &#8216;Gemelo Digital&#8217; para Punta Arenas<\/b><\/a><\/p>\n<p>2022-07-11 El Ping\u00fcino (tv): <a href=\"https:\/\/map.conectamedia.cl\/index.php\/clippingNews\/view?id=26130240&amp;email=281254&amp;fromemail=1\" target=\"_blank\" rel=\"noopener\"><b>Entrevista Juan Jos\u00e9 Calder\u00f3n, director BIM SUR, por proyecto de &#8216;Gemelo Digital&#8217; para Punta Arenas<\/b><\/a><\/p>\n<p>2022-07-08 Corporaci\u00f3n de Desarrollo Tecnol\u00f3gico (web): <a href=\"https:\/\/www.cdt.cl\/lanzan-primer-gemelo-digital-de-chile-en-punta-arenas\/\" target=\"_blank\" rel=\"noopener\"><b>Lanzan primer Gemelo Digital de Chile en Punta Arenas<\/b><\/a><\/p>\n<p>2022-07-07 Meridional Radio (radio): <a href=\"https:\/\/map.conectamedia.cl\/index.php\/clippingNews\/view?id=26067391&amp;email=280709&amp;fromemail=1\" target=\"_blank\" rel=\"noopener\"><b>Entrevista Juan Jos\u00e9 Calder\u00f3n, director de BIM SUR Arquitectos, por proyecto &#8216;Gemelo Digital&#8217;<\/a><\/b><\/p>\n<p>2022-07-07 El Ping\u00fcino (prensa escrita): <a href=\"https:\/\/map.conectamedia.cl\/index.php\/clippingNews\/view?id=26061779&amp;email=280471&amp;fromemail=1\" target=\"_blank\" rel=\"noopener\"><b>Punta Arenas ya tiene su &#8220;gemelo&#8221; en forma virtual<\/b><\/a><\/p>\n<p>2022-07-07 El Ping\u00fcino (tv y radio): <a href=\"https:\/\/map.conectamedia.cl\/index.php\/clippingNews\/view?id=26054248&amp;email=280471&amp;fromemail=1\" target=\"_blank\" rel=\"noopener\"><b>Entrevista a Carlos Braun, presidente de CChC Punta Arenas<\/b><\/a><\/p>\n<p>2022-07-07 El Ping\u00fcino (web): <a href=\"https:\/\/elpinguino.com\/noticia\/2022\/07\/07\/punta-arenas-ya-tiene-su-gemelo-en-forma-virtual\" target=\"_blank\" rel=\"noopener\"><b>Punta Arenas ya tiene su &#8220;gemelo&#8221; en forma virtual<\/b><\/a><\/p>\n<p>2022-07-07 El Ping\u00fcino (tv y radio): <a href=\"https:\/\/www.facebook.com\/watch\/live\/?ref=watch_permalink&amp;v=1088546598727823\" target=\"_blank\" rel=\"noopener\"><b>Desde minuto 54:00 La Camara Chilena de la Construcci\u00f3n lanza el primer Gemelo Digital<\/b><\/a><\/p>\n<p>2022-07-07 La Prensa Austral\u00a0(web): <a href=\"https:\/\/laprensaaustral.cl\/2022\/07\/07\/lanzan-inedito-visor-territorial-que-permitira-mejorar-la-toma-de-decisiones-en-planificacion-urbana-de-punta-arenas\/\" target=\"_blank\" rel=\"noopener\"><b>Lanzan in\u00e9dito visor territorial que permitir\u00e1 mejorar la toma de decisiones en planificaci\u00f3n urbana de Punta Arenas<\/b><\/a><\/p>\n<p>2022-07-07 La Prensa Austral (prensa escrita): <a href=\"https:\/\/map.conectamedia.cl\/index.php\/clippingNews\/view?id=26063870&amp;email=280471&amp;fromemail=1\" target=\"_blank\" rel=\"noopener\"><b>Lanzan in&eacute;dito visor territorial que permitir&aacute; mejorar la toma de decisiones en planificaci&oacute;n urbana de Punta Arenas<\/b><\/a><\/p>\n<p>2022-07-07 Radio Polar (tv y radio): <a href=\"https:\/\/map.conectamedia.cl\/index.php\/clippingNews\/view?id=26070572&amp;email=280709&amp;fromemail=1\"><b>Entrevista Juan Jos\u00e9 Calder\u00f3n, director de BIM SUR Arquitectos, por proyecto &#8216;Gemelo Digital&#8217;<\/b><\/a><\/p>\n<p>2022-07-07 (web): <a href=\"https:\/\/radiopolar.com\/noticia_177508.html\" target=\"_blank\" rel=\"noopener\"><b>El proyecto Gemelo Digital de Punta Arenas permitir\u00e1 mejorar la toma de decisiones en la planificaci\u00f3n urbana de la ciudad<\/b><\/a><\/p>\n<p>2022-07-06 ITV Patagonia\u00a0(televisi\u00f3n): <a href=\"https:\/\/map.conectamedia.cl\/index.php\/clippingNews\/view?id=26059107&amp;email=280471&amp;fromemail=1\" target=\"_blank\" rel=\"noopener\"><b>Presentan primer gemelo digital de Chile<\/b><\/a><\/p>\n<p>2022-07-06 ITV Patagonia (web): <a href=\"https:\/\/www.itvpatagonia.com\/regional\/visor-territorial-3d-lanzan-el-primer-gemelo-digital-en-chile-de-punta-arenas\/2022\/07\/06\/62c6335e905ee7000a7faf52\" target=\"_blank\" rel=\"noopener\"><b>Visor territorial 3D: lanzan el primer gemelo digital en Chile de Punta Arenas<\/b><\/a><\/p>\n<p>2022-07-06 TVN Red Austral (televisi\u00f3n): <a href=\"https:\/\/map.conectamedia.cl\/index.php\/clippingNews\/view?id=26058837&amp;email=280471&amp;fromemail=1\" target=\"_blank\" rel=\"noopener\"><b>Lanzan primer &#8220;Gemelo Digital de Chile&#8221; en Punta Arenas<\/b><\/a><\/p>\n<p>2022-07-06 Radio Polar (web): <a href=\"https:\/\/www.radiopolar.com\/noticia_177469.html\" target=\"_blank\" rel=\"noopener\"><b>Lanzan primer gemelo digital de Chile en Punta Arenas<\/b><\/a><\/p>\n<p>2022-07-06 Ovejero Noticias (web): <a href=\"https:\/\/www.ovejeronoticias.cl\/2022\/07\/lanzan-primer-gemelo-digital-de-chile-en-punta-arenas\/\" target=\"_blank\" rel=\"noopener\"><b>Lanzan primer Gemelo Digital de Chile en Punta Arenas<\/b><\/a><\/p>\n<p>2022-07-06 Di\u00e1logo Sur (web): <a href=\"https:\/\/dialogosur.cl\/lanzan-primer-gemelo-digital-de-chile-en-punta-arenas\/\" target=\"_blank\" rel=\"noopener\"><b>Lanzan primer Gemelo Digital de Chile en Punta Arenas<\/b><\/a><\/p>\n<p>2022-07-06 El Ping\u00fcino (tv y radio): <a href=\"https:\/\/map.conectamedia.cl\/index.php\/clippingNews\/view?id=26054141&amp;email=280471&amp;fromemail=1\" target=\"_blank\" rel=\"noopener\"><b>Desde minuto 9:50 Proyecto &#8220;Gemelo Digital&#8221; de Punta Arenas que impulsa la CCHC<\/b><\/a><\/p>\n<p>2022-07-06 El Ping\u00fcino (tv): <a href=\"https:\/\/map.conectamedia.cl\/index.php\/clippingNews\/view?id=26054153&amp;email=280471&amp;fromemail=1\" target=\"_blank\" rel=\"noopener\"><b>Autoridades se refieren a la importancia del primer &#8220;Gemelo Digital&#8221;<\/b><\/a><\/p>\n<\/div><\/div><\/div><\/div><\/div><\/div><\/div><\/section>\n","protected":false},"excerpt":{"rendered":"2022-07-11 El Ping\u00fcino (radio): Entrevista Juan Jos\u00e9 Calder\u00f3n, director BIM SUR, por proyecto de &#8216;Gemelo Digital&#8217; para Punta Arenas 2022-07-11 El Ping\u00fcino (tv): Entrevista Juan Jos\u00e9 Calder\u00f3n, director BIM SUR, por proyecto de &#8216;Gemelo Digital&#8217; para Punta Arenas 2022-07-08 Corporaci\u00f3n de Desarrollo Tecnol\u00f3gico (web): Lanzan primer Gemelo Digital de Chile en Punta Arenas 2022-07-07 Meridional...","protected":false},"author":2,"featured_media":0,"parent":0,"menu_order":0,"comment_status":"closed","ping_status":"closed","template":"","meta":{"_acf_changed":false,"footnotes":""},"class_list":["post-7841","page","type-page","status-publish","hentry"],"acf":[],"yoast_head":"<!-- This site is optimized with the Yoast SEO plugin v27.4 - https:\/\/yoast.com\/product\/yoast-seo-wordpress\/ -->\n<title>En la prensa - BIMSUR<\/title>\n<meta name=\"robots\" content=\"index, follow, max-snippet:-1, max-image-preview:large, max-video-preview:-1\" \/>\n<link rel=\"canonical\" href=\"https:\/\/www.bimsur.com\/sitio\/en-la-prensa\/\" \/>\n<meta property=\"og:locale\" content=\"es_ES\" \/>\n<meta property=\"og:type\" content=\"article\" \/>\n<meta property=\"og:title\" content=\"En la prensa - BIMSUR\" \/>\n<meta property=\"og:url\" content=\"https:\/\/www.bimsur.com\/sitio\/en-la-prensa\/\" \/>\n<meta property=\"og:site_name\" content=\"BIMSUR\" \/>\n<meta property=\"article:publisher\" content=\"https:\/\/www.facebook.com\/bimsurarquitectos\" \/>\n<meta property=\"article:modified_time\" content=\"2022-07-31T02:43:56+00:00\" \/>\n<meta name=\"twitter:card\" content=\"summary_large_image\" \/>\n<meta name=\"twitter:label1\" content=\"Tiempo estimado de lectura\" \/>\n\t<meta name=\"twitter:data1\" content=\"2 minutos\" \/>\n<script type=\"application\/ld+json\" class=\"yoast-schema-graph\">{\"@context\":\"https:\\\/\\\/schema.org\",\"@graph\":[{\"@type\":\"WebPage\",\"@id\":\"https:\\\/\\\/www.bimsur.com\\\/sitio\\\/en-la-prensa\\\/\",\"url\":\"https:\\\/\\\/www.bimsur.com\\\/sitio\\\/en-la-prensa\\\/\",\"name\":\"En la prensa - BIMSUR\",\"isPartOf\":{\"@id\":\"https:\\\/\\\/www.bimsur.com\\\/sitio\\\/#website\"},\"datePublished\":\"2022-07-30T22:21:07+00:00\",\"dateModified\":\"2022-07-31T02:43:56+00:00\",\"breadcrumb\":{\"@id\":\"https:\\\/\\\/www.bimsur.com\\\/sitio\\\/en-la-prensa\\\/#breadcrumb\"},\"inLanguage\":\"es-CL\",\"potentialAction\":[{\"@type\":\"ReadAction\",\"target\":[\"https:\\\/\\\/www.bimsur.com\\\/sitio\\\/en-la-prensa\\\/\"]}]},{\"@type\":\"BreadcrumbList\",\"@id\":\"https:\\\/\\\/www.bimsur.com\\\/sitio\\\/en-la-prensa\\\/#breadcrumb\",\"itemListElement\":[{\"@type\":\"ListItem\",\"position\":1,\"name\":\"Portada\",\"item\":\"https:\\\/\\\/www.bimsur.com\\\/sitio\\\/\"},{\"@type\":\"ListItem\",\"position\":2,\"name\":\"En la prensa\"}]},{\"@type\":\"WebSite\",\"@id\":\"https:\\\/\\\/www.bimsur.com\\\/sitio\\\/#website\",\"url\":\"https:\\\/\\\/www.bimsur.com\\\/sitio\\\/\",\"name\":\"BIMSUR\",\"description\":\"BIMSUR Arquitectos\",\"publisher\":{\"@id\":\"https:\\\/\\\/www.bimsur.com\\\/sitio\\\/#organization\"},\"potentialAction\":[{\"@type\":\"SearchAction\",\"target\":{\"@type\":\"EntryPoint\",\"urlTemplate\":\"https:\\\/\\\/www.bimsur.com\\\/sitio\\\/?s={search_term_string}\"},\"query-input\":{\"@type\":\"PropertyValueSpecification\",\"valueRequired\":true,\"valueName\":\"search_term_string\"}}],\"inLanguage\":\"es-CL\"},{\"@type\":\"Organization\",\"@id\":\"https:\\\/\\\/www.bimsur.com\\\/sitio\\\/#organization\",\"name\":\"BIMSUR Arquitectos\",\"url\":\"https:\\\/\\\/www.bimsur.com\\\/sitio\\\/\",\"logo\":{\"@type\":\"ImageObject\",\"inLanguage\":\"es-CL\",\"@id\":\"https:\\\/\\\/www.bimsur.com\\\/sitio\\\/#\\\/schema\\\/logo\\\/image\\\/\",\"url\":\"https:\\\/\\\/www.bimsur.com\\\/sitio\\\/wp-content\\\/uploads\\\/2022\\\/07\\\/Logo_BIMSUR.png\",\"contentUrl\":\"https:\\\/\\\/www.bimsur.com\\\/sitio\\\/wp-content\\\/uploads\\\/2022\\\/07\\\/Logo_BIMSUR.png\",\"width\":2362,\"height\":2362,\"caption\":\"BIMSUR Arquitectos\"},\"image\":{\"@id\":\"https:\\\/\\\/www.bimsur.com\\\/sitio\\\/#\\\/schema\\\/logo\\\/image\\\/\"},\"sameAs\":[\"https:\\\/\\\/www.facebook.com\\\/bimsurarquitectos\",\"https:\\\/\\\/www.instagram.com\\\/bimsurarquitectos\\\/\"]}]}<\/script>\n<!-- \/ Yoast SEO plugin. -->","yoast_head_json":{"title":"En la prensa - BIMSUR","robots":{"index":"index","follow":"follow","max-snippet":"max-snippet:-1","max-image-preview":"max-image-preview:large","max-video-preview":"max-video-preview:-1"},"canonical":"https:\/\/www.bimsur.com\/sitio\/en-la-prensa\/","og_locale":"es_ES","og_type":"article","og_title":"En la prensa - BIMSUR","og_url":"https:\/\/www.bimsur.com\/sitio\/en-la-prensa\/","og_site_name":"BIMSUR","article_publisher":"https:\/\/www.facebook.com\/bimsurarquitectos","article_modified_time":"2022-07-31T02:43:56+00:00","twitter_card":"summary_large_image","twitter_misc":{"Tiempo estimado de lectura":"2 minutos"},"schema":{"@context":"https:\/\/schema.org","@graph":[{"@type":"WebPage","@id":"https:\/\/www.bimsur.com\/sitio\/en-la-prensa\/","url":"https:\/\/www.bimsur.com\/sitio\/en-la-prensa\/","name":"En la prensa - BIMSUR","isPartOf":{"@id":"https:\/\/www.bimsur.com\/sitio\/#website"},"datePublished":"2022-07-30T22:21:07+00:00","dateModified":"2022-07-31T02:43:56+00:00","breadcrumb":{"@id":"https:\/\/www.bimsur.com\/sitio\/en-la-prensa\/#breadcrumb"},"inLanguage":"es-CL","potentialAction":[{"@type":"ReadAction","target":["https:\/\/www.bimsur.com\/sitio\/en-la-prensa\/"]}]},{"@type":"BreadcrumbList","@id":"https:\/\/www.bimsur.com\/sitio\/en-la-prensa\/#breadcrumb","itemListElement":[{"@type":"ListItem","position":1,"name":"Portada","item":"https:\/\/www.bimsur.com\/sitio\/"},{"@type":"ListItem","position":2,"name":"En la prensa"}]},{"@type":"WebSite","@id":"https:\/\/www.bimsur.com\/sitio\/#website","url":"https:\/\/www.bimsur.com\/sitio\/","name":"BIMSUR","description":"BIMSUR Arquitectos","publisher":{"@id":"https:\/\/www.bimsur.com\/sitio\/#organization"},"potentialAction":[{"@type":"SearchAction","target":{"@type":"EntryPoint","urlTemplate":"https:\/\/www.bimsur.com\/sitio\/?s={search_term_string}"},"query-input":{"@type":"PropertyValueSpecification","valueRequired":true,"valueName":"search_term_string"}}],"inLanguage":"es-CL"},{"@type":"Organization","@id":"https:\/\/www.bimsur.com\/sitio\/#organization","name":"BIMSUR Arquitectos","url":"https:\/\/www.bimsur.com\/sitio\/","logo":{"@type":"ImageObject","inLanguage":"es-CL","@id":"https:\/\/www.bimsur.com\/sitio\/#\/schema\/logo\/image\/","url":"https:\/\/www.bimsur.com\/sitio\/wp-content\/uploads\/2022\/07\/Logo_BIMSUR.png","contentUrl":"https:\/\/www.bimsur.com\/sitio\/wp-content\/uploads\/2022\/07\/Logo_BIMSUR.png","width":2362,"height":2362,"caption":"BIMSUR Arquitectos"},"image":{"@id":"https:\/\/www.bimsur.com\/sitio\/#\/schema\/logo\/image\/"},"sameAs":["https:\/\/www.facebook.com\/bimsurarquitectos","https:\/\/www.instagram.com\/bimsurarquitectos\/"]}]}},"_links":{"self":[{"href":"https:\/\/www.bimsur.com\/sitio\/wp-json\/wp\/v2\/pages\/7841","targetHints":{"allow":["GET"]}}],"collection":[{"href":"https:\/\/www.bimsur.com\/sitio\/wp-json\/wp\/v2\/pages"}],"about":[{"href":"https:\/\/www.bimsur.com\/sitio\/wp-json\/wp\/v2\/types\/page"}],"author":[{"embeddable":true,"href":"https:\/\/www.bimsur.com\/sitio\/wp-json\/wp\/v2\/users\/2"}],"replies":[{"embeddable":true,"href":"https:\/\/www.bimsur.com\/sitio\/wp-json\/wp\/v2\/comments?post=7841"}],"version-history":[{"count":5,"href":"https:\/\/www.bimsur.com\/sitio\/wp-json\/wp\/v2\/pages\/7841\/revisions"}],"predecessor-version":[{"id":7894,"href":"https:\/\/www.bimsur.com\/sitio\/wp-json\/wp\/v2\/pages\/7841\/revisions\/7894"}],"wp:attachment":[{"href":"https:\/\/www.bimsur.com\/sitio\/wp-json\/wp\/v2\/media?parent=7841"}],"curies":[{"name":"wp","href":"https:\/\/api.w.org\/{rel}","templated":true}]}}